{"id":3,"date":"2019-06-11T11:23:53","date_gmt":"2019-06-11T09:23:53","guid":{"rendered":"https:\/\/www.lespallieres.fr\/?page_id=3"},"modified":"2021-04-27T15:26:00","modified_gmt":"2021-04-27T13:26:00","slug":"mentions-legales","status":"publish","type":"page","link":"https:\/\/www.lespallieres.fr\/en\/mentions-legales\/","title":{"rendered":"Mentions l\u00e9gales"},"content":{"rendered":"<div class=\"wpb-content-wrapper\"><div class=\"vc_row wpb_row vc_row-fluid\"><div class=\"wpb_column vc_column_container vc_col-sm-12\"><div class=\"vc_column-inner\"><div class=\"wpb_wrapper\"><h1 style=\"text-align: left\" class=\"vc_custom_heading vc_do_custom_heading\" >Mentions l\u00e9gales<\/h1><div class=\"vc_empty_space\"   style=\"height: 32px\"><span class=\"vc_empty_space_inner\"><\/span><\/div>\n\t<div class=\"wpb_text_column wpb_content_element\" >\n\t\t<div class=\"wpb_wrapper\">\n\t\t\t<p class=\"p1\">Le propri\u00e9taire et \u00e9diteur de ce site internet est le domaine des Palli\u00e8res ayant son si\u00e8ge social\u00a0 :<br \/>\nDomaine Les Palli\u00e8res<br \/>\n1307 route de Lencieu<br \/>\n84190 Gigondas<br \/>\nT\u00e9l. +33 (0)4 90 33 00 31<\/p>\n<p class=\"p1\"><strong>Directeur de publication : Daniel Brunier<\/strong><\/p>\n<p class=\"p1\">Les textes, les illustrations, les \u0153uvres photographiques, pr\u00e9sent\u00e9s sur ce site sont prot\u00e9g\u00e9s par le Code de la propri\u00e9t\u00e9 intellectuelle et les conventions internationales en mati\u00e8re de propri\u00e9t\u00e9 litt\u00e9raire et artistique, et ne peuvent \u00eatre utilis\u00e9s, reproduits, repr\u00e9sent\u00e9s, adapt\u00e9s ou copi\u00e9s, en tout ou partie, sous quelque forme, par tout proc\u00e9d\u00e9 existant ou \u00e0 venir, en\u00a0quelque lieu que ce soit, sans notre accord.<\/p>\n<p class=\"p1\">\u00a0En cas de litige, le tribunal de commerce d&rsquo;Avignon serait comp\u00e9tent.<\/p>\n<p class=\"p1\"><b><br \/>\n<\/b><strong>H\u00e9bergement<\/strong><b><br \/>\n<\/b>OVH<br \/>\n<a href=\"http:\/\/www.ovh.com\/\">www.ovh.com<\/a><\/p>\n<p class=\"p1\"><strong>Conception du site<\/strong><br \/>\nmade in mouse\u00ae<br \/>\n<a href=\"http:\/\/www.madeinmouse.com\/\">www.madeinmouse.com<\/a><\/p>\n\n\t\t<\/div>\n\t<\/div>\n<\/div><\/div><\/div><\/div>\n<\/div>","protected":false},"excerpt":{"rendered":"Mentions l\u00e9gales Le propri\u00e9taire et \u00e9diteur de ce site internet est le domaine des Palli\u00e8res ayant son si\u00e8ge social\u00a0 : Domaine Les Palli\u00e8res 1307 route de Lencieu 84190 Gigondas T\u00e9l. +33 (0)4 90 33 00 31 Directeur de publication : Daniel Brunier Les textes, les illustrations, les \u0153uvres photographiques, pr\u00e9sent\u00e9s sur ce site sont prot\u00e9g\u00e9s...","protected":false},"author":1,"featured_media":0,"parent":0,"menu_order":0,"comment_status":"closed","ping_status":"open","template":"","meta":{"footnotes":""},"class_list":["post-3","page","type-page","status-publish","hentry"],"_links":{"self":[{"href":"https:\/\/www.lespallieres.fr\/en\/wp-json\/wp\/v2\/pages\/3","targetHints":{"allow":["GET"]}}],"collection":[{"href":"https:\/\/www.lespallieres.fr\/en\/wp-json\/wp\/v2\/pages"}],"about":[{"href":"https:\/\/www.lespallieres.fr\/en\/wp-json\/wp\/v2\/types\/page"}],"author":[{"embeddable":true,"href":"https:\/\/www.lespallieres.fr\/en\/wp-json\/wp\/v2\/users\/1"}],"replies":[{"embeddable":true,"href":"https:\/\/www.lespallieres.fr\/en\/wp-json\/wp\/v2\/comments?post=3"}],"version-history":[{"count":4,"href":"https:\/\/www.lespallieres.fr\/en\/wp-json\/wp\/v2\/pages\/3\/revisions"}],"predecessor-version":[{"id":276,"href":"https:\/\/www.lespallieres.fr\/en\/wp-json\/wp\/v2\/pages\/3\/revisions\/276"}],"wp:attachment":[{"href":"https:\/\/www.lespallieres.fr\/en\/wp-json\/wp\/v2\/media?parent=3"}],"curies":[{"name":"wp","href":"https:\/\/api.w.org\/{rel}","templated":true}]}}